{"id":987497100,"date":"2019-03-23T13:44:46","date_gmt":"2019-03-23T13:44:46","guid":{"rendered":"https:\/\/sophiemassage.hu\/?page_id=987497100"},"modified":"2026-02-24T13:28:15","modified_gmt":"2026-02-24T13:28:15","slug":"datenschutz","status":"publish","type":"page","link":"https:\/\/sophiemassage.hu\/de\/datenschutz\/","title":{"rendered":"Datenschutz"},"content":{"rendered":"<p>[et_pb_section fb_built=&#8220;1&#8243; custom_padding_last_edited=&#8220;on|phone&#8220; admin_label=&#8220;Section &#8211; About header&#8220; _builder_version=&#8220;4.27.5&#8243; background_color=&#8220;rgba(196,165,107,0.1)&#8220; parallax=&#8220;on&#8220; parallax_method=&#8220;off&#8220; custom_padding=&#8220;80px||200px||false|false&#8220; custom_padding_tablet=&#8220;40px||40px||true|false&#8220; custom_padding_phone=&#8220;30px||30px||true|false&#8220; locked=&#8220;off&#8220; global_colors_info=&#8220;{}&#8220;][et_pb_row custom_padding_last_edited=&#8220;on|phone&#8220; _builder_version=&#8220;4.27.5&#8243; background_size=&#8220;initial&#8220; background_position=&#8220;top_left&#8220; background_repeat=&#8220;repeat&#8220; custom_padding_tablet=&#8220;&#8220; custom_padding_phone=&#8220;||10px||false|false&#8220; global_colors_info=&#8220;{}&#8220;][et_pb_column type=&#8220;4_4&#8243; _builder_version=&#8220;4.16&#8243; custom_padding=&#8220;|||&#8220; global_colors_info=&#8220;{}&#8220; custom_padding__hover=&#8220;|||&#8220;][et_pb_text admin_label=&#8220;About Page Top Header &#8211; Text&#8220; _builder_version=&#8220;4.27.5&#8243; text_font=&#8220;|300|||||||&#8220; text_font_size=&#8220;20px&#8220; header_font=&#8220;|700||on|||||&#8220; header_text_color=&#8220;#c4a56b&#8220; header_font_size=&#8220;60px&#8220; text_orientation=&#8220;center&#8220; module_alignment=&#8220;center&#8220; text_font_size_tablet=&#8220;19px&#8220; text_font_size_phone=&#8220;17px&#8220; text_font_size_last_edited=&#8220;on|phone&#8220; header_font_size_tablet=&#8220;50px&#8220; header_font_size_phone=&#8220;28px&#8220; header_font_size_last_edited=&#8220;on|tablet&#8220; global_colors_info=&#8220;{}&#8220;]<\/p>\n<h1>Datenschutz<\/h1>\n<p>[\/et_pb_text][\/et_pb_column][\/et_pb_row][\/et_pb_section][et_pb_section fb_built=&#8220;1&#8243; custom_padding_last_edited=&#8220;on|desktop&#8220; admin_label=&#8220;Section &#8211; About content&#8220; _builder_version=&#8220;4.16&#8243; custom_padding=&#8220;0px|3px|10px|||&#8220; custom_padding_tablet=&#8220;50px|||&#8220; custom_padding_phone=&#8220;&#8220; locked=&#8220;off&#8220; global_colors_info=&#8220;{}&#8220;][et_pb_row use_custom_gutter=&#8220;on&#8220; gutter_width=&#8220;1&#8243; make_equal=&#8220;on&#8220; module_class=&#8220;about-page-content&#8220; _builder_version=&#8220;4.27.5&#8243; custom_margin_tablet=&#8220;&#8220; custom_margin_phone=&#8220;&#8220; custom_margin_last_edited=&#8220;on|desktop&#8220; custom_padding=&#8220;||||false|false&#8220; global_colors_info=&#8220;{}&#8220;][et_pb_column type=&#8220;4_4&#8243; _builder_version=&#8220;4.16&#8243; background_color=&#8220;#ffffff&#8220; custom_padding=&#8220;75px|50px|30px|50px&#8220; custom_padding_tablet=&#8220;30px|0px|0px|0px&#8220; custom_padding_phone=&#8220;30px|0px|0px|0px&#8220; custom_padding_last_edited=&#8220;on|desktop&#8220; global_colors_info=&#8220;{}&#8220; custom_padding__hover=&#8220;|||&#8220;][et_pb_text _builder_version=&#8220;4.27.5&#8243; text_font=&#8220;|300|||||||&#8220; global_colors_info=&#8220;{}&#8220;]<strong>Datenschutzerkl\u00e4rung<\/strong><\/p>\n<p>B\u00e9csi Zs\u00f3fi E.V. Sitz: 9024 Gy\u0151r, Babits Mih\u00e1ly utca 14\/A Fsz 2. STEUERNUMMER: 91771191-1-28 (im Folgenden: Verantwortlicher) verarbeitet im Rahmen des Betriebs der Website www.sophiemassage.hu<br \/>\n (im Folgenden: Website) die Daten der Besucher der Website, der Nutzer der Website sowie der registrierten Nutzer, die die auf der Website verf\u00fcgbaren Dienstleistungen in Anspruch nehmen (im Folgenden gemeinsam: Betroffene).<br \/>\nIm Zusammenhang mit der Datenverarbeitung informiert der Verantwortliche die Betroffenen hiermit \u00fcber die auf der Website von ihm verarbeiteten personenbezogenen Daten, \u00fcber die Grunds\u00e4tze und Praxis der Verarbeitung personenbezogener Daten sowie \u00fcber die Art und Weise und M\u00f6glichkeiten der Aus\u00fcbung der Rechte der Betroffenen. Mit der Nutzung der Website akzeptiert der Betroffene die Bestimmungen dieser Datenschutzerkl\u00e4rung und willigt in die nachfolgend bestimmten Datenverarbeitungen ein.<\/p>\n<p><strong>1. Definitionen<\/strong><\/p>\n<ol>\n<li>Betroffener: jede bestimmte nat\u00fcrliche Person, die anhand personenbezogener Daten identifiziert wurde oder \u2013 direkt oder indirekt \u2013 identifizierbar ist;<\/li>\n<li>Personenbezogene Daten: Daten, die mit dem Betroffenen in Verbindung gebracht werden k\u00f6nnen \u2013 insbesondere Name, Kennzeichen sowie eine oder mehrere Kenntnisse, die f\u00fcr seine physische, physiologische, psychische, wirtschaftliche, kulturelle oder soziale Identit\u00e4t charakteristisch sind \u2013, sowie jede aus diesen Daten ableitbare Schlussfolgerung, die sich auf den Betroffenen bezieht;<\/li>\n<li>Einwilligung: die freiwillige und bestimmte Willensbekundung des Betroffenen, die auf einer angemessenen Information beruht und mit der er seine unmissverst\u00e4ndliche Zustimmung zur Verarbeitung seiner personenbezogenen Daten \u2013 umfassend oder bezogen auf einzelne Vorg\u00e4nge \u2013 erteilt;<\/li>\n<li>Widerspruch: die Erkl\u00e4rung des Betroffenen, mit der er die Verarbeitung seiner personenbezogenen Daten beanstandet und die Beendigung der Verarbeitung bzw. die L\u00f6schung der verarbeiteten Daten verlangt;<\/li>\n<li>Verantwortlicher: die nat\u00fcrliche oder juristische Person bzw. die Organisation ohne Rechtspers\u00f6nlichkeit, die allein oder gemeinsam mit anderen die Zwecke der Datenverarbeitung bestimmt, die Entscheidungen \u00fcber die Datenverarbeitung (einschlie\u00dflich der eingesetzten Mittel) trifft und umsetzt oder durch einen von ihr beauftragten Auftragsverarbeiter umsetzen l\u00e4sst;<\/li>\n<li>Datenverarbeitung: unabh\u00e4ngig vom angewandten Verfahren jeder Vorgang oder jede Gesamtheit von Vorg\u00e4ngen im Zusammenhang mit Daten, insbesondere deren Erhebung, Aufnahme, Speicherung, Organisation, Aufbewahrung, Ver\u00e4nderung, Nutzung, Abfrage, \u00dcbermittlung, Offenlegung, Abgleich oder Verkn\u00fcpfung, Sperrung, L\u00f6schung und Vernichtung sowie die Verhinderung einer weiteren Nutzung der Daten<\/li>\n<li>Datenbearbeitung: die Durchf\u00fchrung technischer Aufgaben im Zusammenhang mit Datenverarbeitungsvorg\u00e4ngen, unabh\u00e4ngig von der zur Durchf\u00fchrung verwendeten Methode und den verwendeten Mitteln sowie vom Ort der Anwendung, sofern die technische Aufgabe an den Daten vorgenommen wird;<\/li>\n<li>Auftragsverarbeiter: die nat\u00fcrliche oder juristische Person bzw. die Organisation ohne Rechtspers\u00f6nlichkeit, die auf Grundlage eines Vertrags mit dem Verantwortlichen \u2013 einschlie\u00dflich eines Vertragsabschlusses aufgrund gesetzlicher Bestimmungen \u2013 Daten verarbeitet;<\/li>\n<li>Daten\u00fcbermittlung: die Zug\u00e4nglichmachung von Daten f\u00fcr einen bestimmten Dritten;<\/li>\n<li>Offenlegung: die Zug\u00e4nglichmachung von Daten f\u00fcr jedermann;<\/li>\n<li>Datenl\u00f6schung: die Unkenntlichmachung der Daten in einer Weise, dass deren Wiederherstellung nicht mehr m\u00f6glich ist;<\/li>\n<li>Datensperrung: die Kennzeichnung der Daten zur endg\u00fcltigen oder zeitlich begrenzten Einschr\u00e4nkung ihrer weiteren Verarbeitung;<\/li>\n<li>Datenvernichtung: die vollst\u00e4ndige physische Zerst\u00f6rung des Datentr\u00e4gers, der die Daten enth\u00e4lt;<\/li>\n<li>Dritter: eine nat\u00fcrliche oder juristische Person bzw. eine Organisation ohne Rechtspers\u00f6nlichkeit, die nicht mit dem Betroffenen, dem Verantwortlichen oder dem Auftragsverarbeiter identisch ist.<\/li>\n<\/ol>\n<p> <strong>2. Zweck der Datenverarbeitung<\/strong><\/p>\n<p>Der Verantwortliche speichert und verarbeitet die vom Betroffenen bei der Registrierung zur Verf\u00fcgung gestellten Daten zweckgebunden ausschlie\u00dflich zur Erbringung der auf der Website verf\u00fcgbaren Dienstleistung, zur Kontaktaufnahme, zur Identifizierung des Nutzers sowie \u2013 sofern der Betroffene einen Newsletter abonniert \u2013 zum Versand des Newsletters. Zweck der automatisch erfassten Daten ist die Erstellung von Statistiken sowie die technische Weiterentwicklung des IT-Systems. Der Verantwortliche verwendet die angegebenen personenbezogenen Daten nicht f\u00fcr andere als die oben genannten Zwecke und darf sie auch nicht f\u00fcr andere Zwecke verwenden.<\/p>\n<p>Eine Weitergabe personenbezogener Daten an Dritte oder Beh\u00f6rden ist \u2013 sofern das Gesetz nicht zwingend etwas anderes vorschreibt \u2013 nur mit vorheriger ausdr\u00fccklicher Einwilligung des Betroffenen m\u00f6glich. In jedem Fall, in dem der Verantwortliche die bereitgestellten Daten zu einem anderen Zweck als dem urspr\u00fcnglichen Zweck der Datenerhebung verwenden m\u00f6chte, informiert er den Betroffenen dar\u00fcber und holt dessen vorherige ausdr\u00fcckliche Einwilligung ein bzw. erm\u00f6glicht ihm, die Nutzung zu untersagen.<\/p>\n<p><strong>3. Rechtsgrundlage der Datenverarbeitung<\/strong><\/p>\n<p>Die Datenverarbeitungen durch den Verantwortlichen erfolgen auf Grundlage der freiwilligen Einwilligung des Betroffenen gem\u00e4\u00df \u00a7 5 Abs. (1) Buchstabe a) des Gesetzes Nr. CXII von 2011 \u00fcber das Recht auf informationelle Selbstbestimmung und Informationsfreiheit (im Folgenden: Info.tv.) sowie auf Grundlage des Gesetzes Nr. CVIII von 2001 \u00fcber elektronische Handelsdienstleistungen und bestimmte Fragen im Zusammenhang mit Diensten der Informationsgesellschaft.<\/p>\n<p>Der Verantwortliche \u00fcberpr\u00fcft die Richtigkeit der ihm \u00fcbermittelten personenbezogenen Daten nicht. F\u00fcr die Richtigkeit und Angemessenheit der angegebenen Daten ist ausschlie\u00dflich die Person verantwortlich, die diese angibt, d. h. der Betroffene bzw. Vertragspartner. Mit der Angabe einer E-Mail-Adresse \u00fcbernimmt jeder Betroffene zugleich die Verantwortung daf\u00fcr, dass ausschlie\u00dflich er die Dienstleistung \u00fcber die angegebene E-Mail-Adresse in Anspruch nimmt. In Anbetracht dieser Verantwortung tr\u00e4gt ausschlie\u00dflich der Betroffene, der die E-Mail-Adresse angegeben hat, jede Haftung im Zusammenhang mit Anmeldungen \u00fcber eine angegebene E-Mail-Adresse.<\/p>\n<p><strong>4. Angaben zum Verantwortlichen<\/strong><\/p>\n<p><strong><\/strong><\/p>\n<p>B\u00e9csi Zs\u00f3fi E.V.<br \/>\nSitz: 9024 Gy\u0151r, Babits Mih\u00e1ly utca 14\/A Fsz 2.<br \/>\nSTEUERNUMMER: 91771191-1-28<\/p>\n<p><strong>5. Dauer der Datenverarbeitung<\/strong><\/p>\n<p>5.1. Registrierungsdaten<\/p>\n<p>Die Verarbeitung der bei der Registrierung verpflichtend angegebenen personenbezogenen Daten dauert so lange an, bis der Betroffene die L\u00f6schung seiner Registrierung verlangt. Die L\u00f6schung der Registrierung kann jederzeit erfolgen, nachdem der L\u00f6schungsantrag (per Post oder E-Mail) eingereicht wurde. In diesem Fall betr\u00e4gt die Frist zur L\u00f6schung der Daten 5 Werktage ab Eingang des Antrags.<\/p>\n<p>5.2. Dauer der Datenverarbeitung<\/p>\n<p>Der Verantwortliche verarbeitet die im Rahmen des Newsletter-Abonnements angegebenen Daten so lange, bis der Betroffene sich \u00fcber den Button \u201eAbmelden\u201c im Informationsschreiben abmeldet oder per E-Mail bzw. auf dem Postweg die Entfernung aus der Liste der Newsletter-Abonnenten verlangt. Andernfalls dauert die Datenverarbeitung 2 Jahre. Im Falle der Abmeldung erfasst der Verantwortliche den Antrag nach dessen Eingang (per E-Mail, Post oder durch Anklicken des Buttons \u201eAbmelden\u201c) und versendet anschlie\u00dfend keine weiteren E-Mails an den Betroffenen.<\/p>\n<p>5.3. Technische Daten<\/p>\n<p>Die protokollierten Daten werden vom System \u2013 mit Ausnahme des Datums des letzten Besuchs, das automatisch \u00fcberschrieben wird \u2013 ab dem Zeitpunkt der Protokollierung 2 Jahre lang gespeichert.<\/p>\n<p>5.4. Daten, die beim Absenden des elektronischen Kontaktformulars angegeben werden<\/p>\n<p>Die Verarbeitung der beim Absenden des Kontaktformulars verpflichtend angegebenen personenbezogenen Daten dauert so lange an, bis der Betroffene die L\u00f6schung der auf diese Weise angegebenen Daten verlangt. Die Daten k\u00f6nnen jederzeit gel\u00f6scht werden, nachdem der L\u00f6schungsantrag (per Post oder E-Mail) eingereicht wurde. In diesem Fall betr\u00e4gt die Frist zur L\u00f6schung der Daten 5 Werktage ab Eingang des Antrags.<\/p>\n<p><strong>6. Umfang der verarbeiteten personenbezogenen Daten<\/strong><strong><\/strong><\/p>\n<p>6.1. Bei der Registrierung verpflichtend anzugebende Daten<\/p>\n<p>Zur Inanspruchnahme der Dienstleistungen auf der Website muss der Betroffene folgende Daten angeben:<\/p>\n<p>Name, Telefonnummer, E-Mail, Firmenname, Rechnungsadresse, Lieferadresse<\/p>\n<p>6.2. Newsletter<\/p>\n<p>Bei Newsletter-Abonnement ist der Betroffene verpflichtet, dem Verantwortlichen seine E-Mail-Adresse sowie seinen vollst\u00e4ndigen Namen anzugeben.<\/p>\n<p>6.3. Technische Daten<\/p>\n<p>Daten des Computers des Betroffenen, die bei der Nutzung der Dienstleistung entstehen und die vom System des Verantwortlichen als automatische Folge technischer Prozesse erfasst werden. Dazu geh\u00f6ren insbesondere Datum und Uhrzeit des Besuchs, die IP-Adresse des Computers des Betroffenen, der Typ des Browsers sowie die Adresse der besuchten und der zuvor besuchten Website.<\/p>\n<p>Die automatisch erfassten Daten werden ohne gesonderte Erkl\u00e4rung oder Handlung des Betroffenen beim Einloggen bzw. Ausloggen automatisch protokolliert. Diese Daten k\u00f6nnen \u2013 mit Ausnahme gesetzlich vorgeschriebener F\u00e4lle \u2013 nicht mit anderen personenbezogenen Nutzerdaten verkn\u00fcpft werden. Zugriff auf diese Daten hat ausschlie\u00dflich der Verantwortliche.<\/p>\n<p>Der Verantwortliche kann Daten \u00fcber die Aktivit\u00e4t der Betroffenen sammeln, die weder mit den bei der Registrierung angegebenen sonstigen Daten des Betroffenen noch mit Daten, die bei der Nutzung anderer Websites oder Dienstleistungen entstehen, verkn\u00fcpft werden k\u00f6nnen.<\/p>\n<p>Der HTML-Code der Website kann Verweise enthalten, die von einem externen Server kommen und auf einen externen Server verweisen, der vom Verantwortlichen unabh\u00e4ngig ist. Die Anbieter dieser Verweise k\u00f6nnen aufgrund der direkten Verbindung zu ihrem Server in der Lage sein, Nutzerdaten zu sammeln.<\/p>\n<p>Externe Server unterst\u00fctzen die unabh\u00e4ngige Messung und Pr\u00fcfung der Besucherzahlen und sonstiger Webanalyse-Daten der Website (Google Analytics). \u00dcber die Verarbeitung der Messdaten k\u00f6nnen die Datenverantwortlichen dem Betroffenen detaillierte Ausk\u00fcnfte erteilen. Erreichbarkeit: www.google.com\/analytics\/<\/p>\n<p>Wenn der Betroffene nicht m\u00f6chte, dass Google Analytics die oben genannten Daten in der beschriebenen Weise und zu dem beschriebenen Zweck misst, installiert er in seinem Browser das entsprechende Add-on, das dies blockiert.<\/p>\n<p>6.4. Cookies<\/p>\n<p>Der Verantwortliche bzw. die benannten externen Dienstleister platzieren und lesen zur personalisierten Bereitstellung ein kleines Datenpaket, ein sog. Cookie, auf dem Computer des Betroffenen. Wenn der Browser ein zuvor gespeichertes Cookie zur\u00fccksendet, hat der Cookie verwaltende Dienstleister die M\u00f6glichkeit, die w\u00e4hrend der aktuellen Besuche des Betroffenen gespeicherten Daten mit fr\u00fcheren Daten zu verkn\u00fcpfen, jedoch ausschlie\u00dflich in Bezug auf seine eigenen Inhalte.<\/p>\n<p>Der Verantwortliche verwendet die folgenden Cookies:<\/p>\n<p>\u2013 Tempor\u00e4re (Session-)Cookies: Session-Cookies werden nach dem Besuch des Betroffenen automatisch gel\u00f6scht. Diese Cookies dienen dazu, dass die Website des Verantwortlichen effizienter und sicherer \u0444\u0443\u043d\u043a\u0446\u0438\u043e\u043d\u0438eren kann; sie sind daher unerl\u00e4sslich, damit bestimmte Funktionen der Website oder bestimmte Anwendungen ordnungsgem\u00e4\u00df funktionieren k\u00f6nnen.<\/p>\n<p>\u2013 Dauerhafte (Persistent-)Cookies: Der Verantwortliche verwendet auch dauerhafte Cookies f\u00fcr eine bessere Nutzererfahrung (z. B. zur Bereitstellung einer optimierten Navigation). Diese Cookies werden l\u00e4nger in der Cookie-Datei des Browsers gespeichert. Die Dauer h\u00e4ngt davon ab, welche Einstellung der Betroffene in seinem Internetbrowser verwendet.<\/p>\n<p>\u2013 Cookie f\u00fcr passwortgesch\u00fctzte Sitzungen.<br \/>\n\u2013 Sicherheits-Cookie.<\/p>\n<p>In der Men\u00fcleiste der meisten Browser bietet die Funktion \u201eHilfe\u201c Informationen dar\u00fcber, wie der Betroffene in seinem Browser<\/p>\n<p>\u2013 Cookies deaktivieren kann,<br \/>\n\u2013 neue Cookies akzeptieren kann,<br \/>\n\u2013 seinen Browser anweisen kann, ein neues Cookie zu setzen, oder<br \/>\n\u2013 andere Cookies deaktivieren kann.<\/p>\n<p>Die Website verwendet die Google Adwords Remarketing-Tracking-Codes. Grundlage hierf\u00fcr ist, dass Besucher der Website sp\u00e4ter auf Websites, die zum Google Display-Netzwerk geh\u00f6ren, mit Remarketing-Anzeigen erneut angesprochen werden k\u00f6nnen. Der Remarketing-Code verwendet Cookies, um Besucher zu markieren. Nutzer der Website k\u00f6nnen diese Cookies deaktivieren, indem sie den Manager f\u00fcr Google-Anzeigeneinstellungen aufrufen und den dortigen Anweisungen folgen. Danach werden ihnen keine personalisierten Angebote des Dienstanbieters angezeigt.<\/p>\n<p>Weitere Informationen \u00fcber Cookies:<br \/>\nhttps:\/\/silktide.com\/tools\/cookie-consent\/docs\/<\/p>\n<p>Weitere Informationen \u00fcber Google Analytics:<br \/>\n<a href=\"https:\/\/www.google.hu\/intl\/hu\/analytics\/\">https:\/\/www.google.hu\/intl\/hu\/analytics\/<br \/>\n<\/a><\/p>\n<p><strong>7. Kreis der Personen mit Zugang zu den Daten<\/strong><\/p>\n<p>Kreis der Personen mit Zugang zu den Daten, Daten\u00fcbermittlung, Auftragsverarbeitung: Zur Kenntnisnahme der Daten sind in erster Linie der Verantwortliche sowie die internen Mitarbeiter des Verantwortlichen berechtigt, jedoch ver\u00f6ffentlichen sie diese nicht und geben sie nicht an Dritte weiter.<\/p>\n<p>Der Dienstanbieter kann Auftragsverarbeiter (z. B. Systembetreiber) in Anspruch nehmen. Der Dienstanbieter haftet nicht f\u00fcr die Datenverarbeitungspraxis solcher externen Akteure.<\/p>\n<p>ANGABEN ZUM AUFTRAGSVERARBEITER:<br \/>\nDerzeit gibt es keinen solchen Mitwirkenden<\/p>\n<p>Dar\u00fcber hinaus werden personenbezogene Daten des Nutzers nur in gesetzlich verpflichtend vorgeschriebenen F\u00e4llen bzw. auf Grundlage der Einwilligung des Nutzers \u00fcbermittelt.<\/p>\n<p>Angaben zum Hosting-Anbieter:<\/p>\n<p><strong>KTS Online Kft<\/strong><br \/>\nSteuernummer: 29152106-2-08.<br \/>\nHandelsregisternummer: 08-09-032885<br \/>\nIm Register des Handelsgerichts Gy\u0151r gef\u00fchrt.<br \/>\nStatistiknummer: 29152106-6311-113-08.<br \/>\nUmsatzsteuer-Identifikationsnummer: HU29152106.<\/p>\n<p>SITZ: 9024 Gy\u0151r, Bart\u00f3k B\u00e9la utca 26\/B Erdgeschoss 2.<br \/>\nTELEFON: +36-20\/316-2431<br \/>\nE-MAIL: info@kts.hu<\/p>\n<p>Dar\u00fcber hinaus werden personenbezogene Daten des Betroffenen nur in gesetzlich verpflichtend vorgeschriebenen F\u00e4llen bzw. auf Grundlage der Einwilligung des Nutzers \u00fcbermittelt.<\/p>\n<p><strong>8. Nutzerrechte und M\u00f6glichkeiten der Rechtsdurchsetzung<\/strong><\/p>\n<p>8.1. Recht auf Auskunft<\/p>\n<p>Der Betroffene ist jederzeit berechtigt, Auskunft \u00fcber die vom Verantwortlichen verarbeiteten personenbezogenen Daten, die sich auf ihn beziehen, zu verlangen.<\/p>\n<p>Der Verantwortliche erteilt dem Betroffenen auf dessen Antrag Auskunft \u00fcber die ihn betreffenden, von ihm verarbeiteten Daten, \u00fcber den Zweck, die Rechtsgrundlage und die Dauer der Datenverarbeitung sowie dar\u00fcber, wer die Daten zu welchem Zweck erh\u00e4lt oder erhalten hat. Der Verantwortliche erteilt die verlangte Auskunft innerhalb von 30 Tagen ab Einreichung des Antrags schriftlich.<\/p>\n<p>Der Betroffene kann sich mit Fragen oder Anmerkungen zur Datenverarbeitung an den Mitarbeiter des Verantwortlichen \u00fcber die nachstehend angegebenen Kontaktdaten wenden.<\/p>\n<p>8.2. Der Betroffene kann die L\u00f6schung, Berichtigung oder Sperrung seiner Daten verlangen<\/p>\n<p>Der Betroffene ist jederzeit berechtigt, die Berichtigung seiner falsch erfassten Daten oder deren L\u00f6schung \u00fcber eine der nachstehend angegebenen Kontaktm\u00f6glichkeiten zu verlangen. Der Verantwortliche l\u00f6scht die Daten innerhalb von 5 Werktagen ab Eingang des Antrags; in diesem Fall k\u00f6nnen sie nicht wiederhergestellt werden. Die L\u00f6schung betrifft nicht Datenverarbeitungen, die aufgrund gesetzlicher Vorschriften (z. B. buchhalterische Regelungen) erforderlich sind; diese bewahrt der Verantwortliche f\u00fcr die erforderliche Dauer auf.<\/p>\n<p>Der Betroffene kann au\u00dferdem die Sperrung seiner Daten verlangen. Der Verantwortliche sperrt personenbezogene Daten, wenn der Betroffene dies verlangt oder wenn aufgrund der verf\u00fcgbaren Informationen anzunehmen ist, dass die L\u00f6schung die berechtigten Interessen des Betroffenen verletzen w\u00fcrde. Die so gesperrten personenbezogenen Daten d\u00fcrfen nur so lange verarbeitet werden, wie der Zweck der Datenverarbeitung besteht, der die L\u00f6schung der personenbezogenen Daten ausgeschlossen hat.<\/p>\n<p>\u00dcber Berichtigung, Sperrung und L\u00f6schung sind der Betroffene sowie alle Personen zu benachrichtigen, denen die Daten zuvor zu Zwecken der Datenverarbeitung \u00fcbermittelt wurden. Die Benachrichtigung kann unterbleiben, wenn dies den berechtigten Interessen des Nutzers im Hinblick auf den Zweck der Datenverarbeitung nicht schadet.<\/p>\n<p>Erf\u00fcllt der Verantwortliche den Antrag des Betroffenen auf Berichtigung, Sperrung oder L\u00f6schung nicht, teilt er innerhalb von 30 Tagen nach Zugang des Antrags schriftlich die tats\u00e4chlichen und rechtlichen Gr\u00fcnde f\u00fcr die Ablehnung des Antrags auf Berichtigung, Sperrung oder L\u00f6schung mit.<\/p>\n<p>8.3. Der Betroffene kann gegen die Verarbeitung seiner personenbezogenen Daten Widerspruch einlegen<\/p>\n<p>Der Betroffene kann der Verarbeitung seiner personenbezogenen Daten widersprechen. Der Verantwortliche pr\u00fcft den Widerspruch innerhalb der k\u00fcrzest m\u00f6glichen Zeit, sp\u00e4testens jedoch innerhalb von 15 Tagen, trifft eine Entscheidung \u00fcber dessen Begr\u00fcndetheit und informiert den Antragsteller schriftlich \u00fcber seine Entscheidung.<\/p>\n<p>Der Betroffene kann seine Rechte \u00fcber die in Punkt 4 angegebenen Kontaktm\u00f6glichkeiten aus\u00fcben.<\/p>\n<p>8.4. Der Betroffene kann auf Grundlage des Info.tv. sowie des B\u00fcrgerlichen Gesetzbuches (Gesetz Nr. V von 2013)<\/p>\n<ol>\n<li>sich an die Nationale Beh\u00f6rde f\u00fcr Datenschutz und Informationsfreiheit wenden (1125 Budapest, Szil\u00e1gyi Erzs\u00e9bet fasor 22\/c.; www.naih.hu ) oder<\/li>\n<li>seine Rechte vor Gericht geltend machen.<\/li>\n<\/ol>\n<p> Wenn der Betroffene f\u00fcr die Inanspruchnahme der Dienstleistung Daten Dritter angegeben hat oder bei der Nutzung der Website in irgendeiner Weise Schaden verursacht hat, ist der Verantwortliche berechtigt, Schadensersatz gegen\u00fcber dem Betroffenen geltend zu machen. In einem solchen Fall leistet der Verantwortliche den zust\u00e4ndigen Beh\u00f6rden jede zumutbare Unterst\u00fctzung, um die Identit\u00e4t der rechtsverletzenden Person festzustellen.<\/p>\n<p><strong>9. Verwendung von E-Mail-Adressen<\/strong><\/p>\n<p>Der Verantwortliche legt besonderen Wert auf die Rechtm\u00e4\u00dfigkeit der Verwendung der von ihm verarbeiteten elektronischen E-Mail-Adressen und nutzt diese daher nur in der nachfolgend festgelegten Weise zum Versand von E-Mails.<\/p>\n<p>Die Verarbeitung der E-Mail-Adressen dient in erster Linie der Identifizierung des Betroffenen sowie der Kontaktaufnahme im Rahmen der Inanspruchnahme der Dienstleistung; daher erfolgt der Versand von E-Mails in erster Linie zu diesem Zweck.<\/p>\n<p><strong>10. Datensicherheit<\/strong><\/p>\n<p>Der Verantwortliche verpflichtet sich, f\u00fcr die Sicherheit der Daten zu sorgen, und trifft die technischen Ma\u00dfnahmen, die gew\u00e4hrleisten, dass die erhobenen, gespeicherten bzw. verarbeiteten Daten gesch\u00fctzt sind, und setzt alles daran, ihre Vernichtung, unbefugte Verwendung und unbefugte Ver\u00e4nderung zu verhindern. Er verpflichtet sich ferner, auch alle Dritten, denen er die Daten gegebenenfalls \u00fcbermittelt oder \u00fcbergibt, auf die Erf\u00fcllung ihrer diesbez\u00fcglichen Verpflichtungen hinzuweisen.<\/p>\n<p><strong>11. Sonstige Bestimmungen<\/strong><\/p>\n<p>Der Verantwortliche beh\u00e4lt sich das Recht vor, diese Datenschutzerkl\u00e4rung unter vorheriger Benachrichtigung der Betroffenen \u2013 durch Mitteilung auf der Website \u2013 einseitig zu \u00e4ndern. Nach Inkrafttreten der \u00c4nderung akzeptiert der Betroffene durch die Nutzung der Website konkludent die Bestimmungen der ge\u00e4nderten Datenschutzerkl\u00e4rung.[\/et_pb_text][\/et_pb_column][\/et_pb_row][\/et_pb_section][et_pb_section fb_built=&#8220;1&#8243; _builder_version=&#8220;4.27.5&#8243; _module_preset=&#8220;default&#8220; custom_padding=&#8220;18px|||||&#8220; saved_tabs=&#8220;all&#8220; locked=&#8220;off&#8220; global_colors_info=&#8220;{}&#8220; global_module=&#8220;987497036&#8243; theme_builder_area=&#8220;post_content&#8220;][et_pb_row _builder_version=&#8220;4.16&#8243; custom_padding=&#8220;||10px|&#8220; global_colors_info=&#8220;{}&#8220; theme_builder_area=&#8220;post_content&#8220;][et_pb_column type=&#8220;4_4&#8243; _builder_version=&#8220;4.16&#8243; custom_padding=&#8220;|||&#8220; global_colors_info=&#8220;{}&#8220; custom_padding__hover=&#8220;|||&#8220; theme_builder_area=&#8220;post_content&#8220;][et_pb_text admin_label=&#8220;Default Header&#8220; module_class=&#8220;default-header&#8220; _builder_version=&#8220;4.27.5&#8243; text_font=&#8220;|300|||||||&#8220; module_alignment=&#8220;right&#8220; global_colors_info=&#8220;{}&#8220; theme_builder_area=&#8220;post_content&#8220;]<\/p>\n<h1>Schreib uns<\/h1>\n<p>Kontaktieren Sie uns telefonisch, per E-Mail oder \u00fcber das Formular.<\/p>\n<p>[\/et_pb_text][\/et_pb_column][\/et_pb_row][et_pb_row column_structure=&#8220;1_2,1_2&#8243; make_equal=&#8220;on&#8220; _builder_version=&#8220;4.27.5&#8243; global_colors_info=&#8220;{}&#8220; theme_builder_area=&#8220;post_content&#8220;][et_pb_column type=&#8220;1_2&#8243; _builder_version=&#8220;4.27.5&#8243; custom_padding=&#8220;|||&#8220; custom_css_main_element=&#8220;margin: auto;&#8220; global_colors_info=&#8220;{}&#8220; custom_padding__hover=&#8220;|||&#8220; theme_builder_area=&#8220;post_content&#8220;][et_pb_contact_form use_spam_service=&#8220;on&#8220; recaptcha_list=&#8220;sophiemassagehu|sophiemassagehu-0&#8243; email=&#8220;info@sophiemassage.hu&#8220; custom_message=&#8220;N\u00e9v: %%Name%%||et_pb_line_break_holder||Email: %%Email%%||et_pb_line_break_holder||\u00dczenet: %%Message%%||et_pb_line_break_holder||||et_pb_line_break_holder||Az \u00fczenet k\u00fcldve a sophiemassage.hu oldalr\u00f3l.&#8220; admin_label=&#8220;Contact Form &#8211; class .de-contact-form&#8220; module_class=&#8220;de-contact-form&#8220; _builder_version=&#8220;4.27.5&#8243; _unique_id=&#8220;99660aef-7e41-407e-b412-8903b3864920&#8243; form_field_text_color=&#8220;#000000&#8243; form_field_font=&#8220;|300|||||||&#8220; custom_button=&#8220;on&#8220; button_text_color=&#8220;#ffffff&#8220; button_bg_color=&#8220;#c4a56b&#8220; button_border_radius=&#8220;10px&#8220; button_font=&#8220;||||||||&#8220; button_use_icon=&#8220;off&#8220; global_colors_info=&#8220;{}&#8220; theme_builder_area=&#8220;post_content&#8220;][et_pb_contact_field field_id=&#8220;Name&#8220; field_title=&#8220;Name&#8220; fullwidth_field=&#8220;on&#8220; _builder_version=&#8220;4.27.5&#8243; global_colors_info=&#8220;{}&#8220; button_text_size__hover_enabled=&#8220;off&#8220; button_one_text_size__hover_enabled=&#8220;off&#8220; button_two_text_size__hover_enabled=&#8220;off&#8220; button_text_color__hover_enabled=&#8220;off&#8220; button_one_text_color__hover_enabled=&#8220;off&#8220; button_two_text_color__hover_enabled=&#8220;off&#8220; button_border_width__hover_enabled=&#8220;off&#8220; button_one_border_width__hover_enabled=&#8220;off&#8220; button_two_border_width__hover_enabled=&#8220;off&#8220; button_border_color__hover_enabled=&#8220;off&#8220; button_one_border_color__hover_enabled=&#8220;off&#8220; button_two_border_color__hover_enabled=&#8220;off&#8220; button_border_radius__hover_enabled=&#8220;off&#8220; button_one_border_radius__hover_enabled=&#8220;off&#8220; button_two_border_radius__hover_enabled=&#8220;off&#8220; button_letter_spacing__hover_enabled=&#8220;off&#8220; button_one_letter_spacing__hover_enabled=&#8220;off&#8220; button_two_letter_spacing__hover_enabled=&#8220;off&#8220; button_bg_color__hover_enabled=&#8220;off&#8220; button_one_bg_color__hover_enabled=&#8220;off&#8220; button_two_bg_color__hover_enabled=&#8220;off&#8220; theme_builder_area=&#8220;post_content&#8220;][\/et_pb_contact_field][et_pb_contact_field field_id=&#8220;Email&#8220; field_title=&#8220;Email&#8220; field_type=&#8220;email&#8220; fullwidth_field=&#8220;on&#8220; _builder_version=&#8220;4.27.5&#8243; global_colors_info=&#8220;{}&#8220; button_text_size__hover_enabled=&#8220;off&#8220; button_one_text_size__hover_enabled=&#8220;off&#8220; button_two_text_size__hover_enabled=&#8220;off&#8220; button_text_color__hover_enabled=&#8220;off&#8220; button_one_text_color__hover_enabled=&#8220;off&#8220; button_two_text_color__hover_enabled=&#8220;off&#8220; button_border_width__hover_enabled=&#8220;off&#8220; button_one_border_width__hover_enabled=&#8220;off&#8220; button_two_border_width__hover_enabled=&#8220;off&#8220; button_border_color__hover_enabled=&#8220;off&#8220; button_one_border_color__hover_enabled=&#8220;off&#8220; button_two_border_color__hover_enabled=&#8220;off&#8220; button_border_radius__hover_enabled=&#8220;off&#8220; button_one_border_radius__hover_enabled=&#8220;off&#8220; button_two_border_radius__hover_enabled=&#8220;off&#8220; button_letter_spacing__hover_enabled=&#8220;off&#8220; button_one_letter_spacing__hover_enabled=&#8220;off&#8220; button_two_letter_spacing__hover_enabled=&#8220;off&#8220; button_bg_color__hover_enabled=&#8220;off&#8220; button_one_bg_color__hover_enabled=&#8220;off&#8220; button_two_bg_color__hover_enabled=&#8220;off&#8220; theme_builder_area=&#8220;post_content&#8220;][\/et_pb_contact_field][et_pb_contact_field field_id=&#8220;Message&#8220; field_title=&#8220;Nachricht&#8220; field_type=&#8220;text&#8220; fullwidth_field=&#8220;on&#8220; _builder_version=&#8220;4.27.5&#8243; global_colors_info=&#8220;{}&#8220; button_text_size__hover_enabled=&#8220;off&#8220; button_one_text_size__hover_enabled=&#8220;off&#8220; button_two_text_size__hover_enabled=&#8220;off&#8220; button_text_color__hover_enabled=&#8220;off&#8220; button_one_text_color__hover_enabled=&#8220;off&#8220; button_two_text_color__hover_enabled=&#8220;off&#8220; button_border_width__hover_enabled=&#8220;off&#8220; button_one_border_width__hover_enabled=&#8220;off&#8220; button_two_border_width__hover_enabled=&#8220;off&#8220; button_border_color__hover_enabled=&#8220;off&#8220; button_one_border_color__hover_enabled=&#8220;off&#8220; button_two_border_color__hover_enabled=&#8220;off&#8220; button_border_radius__hover_enabled=&#8220;off&#8220; button_one_border_radius__hover_enabled=&#8220;off&#8220; button_two_border_radius__hover_enabled=&#8220;off&#8220; button_letter_spacing__hover_enabled=&#8220;off&#8220; button_one_letter_spacing__hover_enabled=&#8220;off&#8220; button_two_letter_spacing__hover_enabled=&#8220;off&#8220; button_bg_color__hover_enabled=&#8220;off&#8220; button_one_bg_color__hover_enabled=&#8220;off&#8220; button_two_bg_color__hover_enabled=&#8220;off&#8220; theme_builder_area=&#8220;post_content&#8220;][\/et_pb_contact_field][\/et_pb_contact_form][\/et_pb_column][et_pb_column type=&#8220;1_2&#8243; _builder_version=&#8220;4.27.5&#8243; custom_padding=&#8220;|||&#8220; custom_css_main_element=&#8220;margin: auto;&#8220; global_colors_info=&#8220;{}&#8220; custom_padding__hover=&#8220;|||&#8220; theme_builder_area=&#8220;post_content&#8220;][et_pb_image src=&#8220;https:\/\/sophiemassage.hu\/wp-content\/uploads\/2026\/01\/sophiemassage_logo.webp&#8220; title_text=&#8220;sophiemassage_logo&#8220; _builder_version=&#8220;4.27.5&#8243; _module_preset=&#8220;default&#8220; custom_margin_tablet=&#8220;30px||||false|false&#8220; custom_margin_phone=&#8220;30px||||false|false&#8220; custom_margin_last_edited=&#8220;on|tablet&#8220; global_colors_info=&#8220;{}&#8220; theme_builder_area=&#8220;post_content&#8220;][\/et_pb_image][\/et_pb_column][\/et_pb_row][\/et_pb_section][et_pb_section fb_built=&#8220;1&#8243; admin_label=&#8220;Contact Info&#8220; _builder_version=&#8220;4.27.5&#8243; background_color=&#8220;#297FCA&#8220; background_image=&#8220;https:\/\/sophiemassage.hu\/wp-content\/uploads\/2026\/01\/sophiemassage_kapcsolat.webp&#8220; custom_margin=&#8220;100px||||false|false&#8220; custom_margin_tablet=&#8220;100px||||false|false&#8220; custom_margin_phone=&#8220;100px||||false|false&#8220; custom_margin_last_edited=&#8220;on|desktop&#8220; custom_padding=&#8220;0px||0||false|false&#8220; box_shadow_style=&#8220;preset7&#8243; box_shadow_horizontal=&#8220;0px&#8220; box_shadow_vertical=&#8220;100px&#8220; box_shadow_color=&#8220;#ffffff&#8220; global_colors_info=&#8220;{}&#8220; global_module=&#8220;987497037&#8243; theme_builder_area=&#8220;post_content&#8220;][et_pb_row column_structure=&#8220;1_2,1_2&#8243; padding_top_bottom_link_1=&#8220;true&#8220; padding_left_right_link_1=&#8220;true&#8220; _builder_version=&#8220;4.27.5&#8243; custom_padding=&#8220;33px||33px||true|false&#8220; animation_direction=&#8220;left&#8220; border_radii=&#8220;|10px|||10px&#8220; global_colors_info=&#8220;{}&#8220; theme_builder_area=&#8220;post_content&#8220;][et_pb_column type=&#8220;1_2&#8243; _builder_version=&#8220;4.27.5&#8243; background_color=&#8220;#c4a56b&#8220; background_color_gradient_direction=&#8220;190deg&#8220; background_color_gradient_start=&#8220;#3fa2f7&#8243; background_color_gradient_start_position=&#8220;85%&#8220; background_color_gradient_end=&#8220;rgba(255,255,255,0)&#8220; background_color_gradient_end_position=&#8220;0%&#8220; custom_padding=&#8220;80px|80px|80px|80px&#8220; custom_padding_tablet=&#8220;|10%||10%||true&#8220; custom_padding_phone=&#8220;&#8220; custom_padding_last_edited=&#8220;on|tablet&#8220; global_colors_info=&#8220;{}&#8220; custom_padding__hover=&#8220;|||&#8220; theme_builder_area=&#8220;post_content&#8220;][et_pb_blurb title=&#8220;Adresse&#8220; image=&#8220;https:\/\/sophiemassage.hu\/wp-content\/uploads\/2026\/01\/egg-farm3-1.png&#8220; icon_placement=&#8220;left&#8220; _builder_version=&#8220;4.27.5&#8243; header_font=&#8220;Poppins|700|||||||&#8220; header_font_size=&#8220;20px&#8220; header_line_height=&#8220;1.2em&#8220; body_font=&#8220;Muli||||||||&#8220; body_line_height=&#8220;1.8em&#8220; background_layout=&#8220;dark&#8220; animation_direction=&#8220;left&#8220; global_colors_info=&#8220;{}&#8220; theme_builder_area=&#8220;post_content&#8220;]<\/p>\n<p>9024 Gy\u0151r, Babits Mih\u00e1ly utca 14\/a fsz.<\/p>\n<p>[\/et_pb_blurb][et_pb_blurb title=&#8220;Telefon&#8220; use_icon=&#8220;on&#8220; font_icon=&#8220;&#xe090;||divi||400&#8243; icon_color=&#8220;#FFFFFF&#8220; icon_placement=&#8220;left&#8220; _builder_version=&#8220;4.27.5&#8243; header_font=&#8220;Poppins|700|||||||&#8220; header_font_size=&#8220;20px&#8220; header_line_height=&#8220;1.2em&#8220; body_font=&#8220;||||||||&#8220; body_line_height=&#8220;1.8em&#8220; body_link_font=&#8220;|300|||||||&#8220; body_link_text_color=&#8220;#FFFFFF&#8220; background_layout=&#8220;dark&#8220; custom_padding=&#8220;15px|||&#8220; animation_direction=&#8220;left&#8220; global_colors_info=&#8220;{}&#8220; theme_builder_area=&#8220;post_content&#8220;]<\/p>\n<p><a href=\"tel:+36703632525\">+36 70 363-2525<\/a><\/p>\n<p>[\/et_pb_blurb][et_pb_blurb title=&#8220;Email&#8220; use_icon=&#8220;on&#8220; font_icon=&#8220;&#xe010;||divi||400&#8243; icon_color=&#8220;#FFFFFF&#8220; icon_placement=&#8220;left&#8220; _builder_version=&#8220;4.27.5&#8243; header_font=&#8220;Poppins|700|||||||&#8220; header_font_size=&#8220;20px&#8220; header_line_height=&#8220;1.2em&#8220; body_font=&#8220;||||||||&#8220; body_line_height=&#8220;1.8em&#8220; body_link_font=&#8220;|300|||||||&#8220; body_link_text_color=&#8220;#FFFFFF&#8220; background_layout=&#8220;dark&#8220; custom_padding=&#8220;15px|||&#8220; animation_direction=&#8220;left&#8220; global_colors_info=&#8220;{}&#8220; theme_builder_area=&#8220;post_content&#8220;]<\/p>\n<p><a href=\"mailto:info@sophiemassage.hu\">info@sophiemassage.hu<\/a><\/p>\n<p>[\/et_pb_blurb][et_pb_blurb title=&#8220;Terminvereinbarung&#8220; image=&#8220;https:\/\/sophiemassage.hu\/wp-content\/uploads\/2026\/01\/egg-farm3-4.png&#8220; icon_placement=&#8220;left&#8220; _builder_version=&#8220;4.27.5&#8243; header_font=&#8220;Poppins|700|||||||&#8220; header_font_size=&#8220;20px&#8220; header_line_height=&#8220;1.2em&#8220; body_font=&#8220;||||||||&#8220; body_text_color=&#8220;#FFFFFF&#8220; body_line_height=&#8220;1.8em&#8220; body_link_font=&#8220;|300|||||||&#8220; body_link_text_color=&#8220;#FFFFFF&#8220; background_layout=&#8220;dark&#8220; custom_padding=&#8220;15px|||&#8220; animation_direction=&#8220;left&#8220; global_colors_info=&#8220;{}&#8220; theme_builder_area=&#8220;post_content&#8220;]<\/p>\n<p><a href=\"https:\/\/onlinefoglalas.hu\/sophie\">Klicken Sie hier, um einen Termin zu buchen.<\/a><\/p>\n<p>[\/et_pb_blurb][\/et_pb_column][et_pb_column type=&#8220;1_2&#8243; _builder_version=&#8220;4.16&#8243; custom_padding=&#8220;|||&#8220; custom_padding_tablet=&#8220;0px|||&#8220; custom_padding_phone=&#8220;&#8220; custom_padding_last_edited=&#8220;on|desktop&#8220; global_colors_info=&#8220;{}&#8220; custom_padding__hover=&#8220;|||&#8220; theme_builder_area=&#8220;post_content&#8220;][\/et_pb_column][\/et_pb_row][\/et_pb_section]<\/p>\n","protected":false},"excerpt":{"rendered":"<p>DatenschutzDatenschutzerkl\u00e4rung B\u00e9csi Zs\u00f3fi E.V. Sitz: 9024 Gy\u0151r, Babits Mih\u00e1ly utca 14\/A Fsz 2. STEUERNUMMER: 91771191-1-28 (im Folgenden: Verantwortlicher) verarbeitet im Rahmen des Betriebs der Website www.sophiemassage.hu (im Folgenden: Website) die Daten der Besucher der Website, der Nutzer der Website sowie der registrierten Nutzer, die die auf der Website verf\u00fcgbaren Dienstleistungen in Anspruch nehmen (im Folgenden [&hellip;]<\/p>\n","protected":false},"author":1,"featured_media":0,"parent":0,"menu_order":0,"comment_status":"closed","ping_status":"closed","template":"","meta":{"_acf_changed":false,"_et_pb_use_builder":"on","_et_pb_old_content":"","_et_gb_content_width":"","footnotes":""},"class_list":["post-987497100","page","type-page","status-publish","hentry"],"acf":[],"_links":{"self":[{"href":"https:\/\/sophiemassage.hu\/de\/wp-json\/wp\/v2\/pages\/987497100","targetHints":{"allow":["GET"]}}],"collection":[{"href":"https:\/\/sophiemassage.hu\/de\/wp-json\/wp\/v2\/pages"}],"about":[{"href":"https:\/\/sophiemassage.hu\/de\/wp-json\/wp\/v2\/types\/page"}],"author":[{"embeddable":true,"href":"https:\/\/sophiemassage.hu\/de\/wp-json\/wp\/v2\/users\/1"}],"replies":[{"embeddable":true,"href":"https:\/\/sophiemassage.hu\/de\/wp-json\/wp\/v2\/comments?post=987497100"}],"version-history":[{"count":4,"href":"https:\/\/sophiemassage.hu\/de\/wp-json\/wp\/v2\/pages\/987497100\/revisions"}],"predecessor-version":[{"id":987497110,"href":"https:\/\/sophiemassage.hu\/de\/wp-json\/wp\/v2\/pages\/987497100\/revisions\/987497110"}],"wp:attachment":[{"href":"https:\/\/sophiemassage.hu\/de\/wp-json\/wp\/v2\/media?parent=987497100"}],"curies":[{"name":"wp","href":"https:\/\/api.w.org\/{rel}","templated":true}]}}